{"id":281,"date":"2016-10-05T16:24:45","date_gmt":"2016-10-05T16:24:45","guid":{"rendered":"http:\/\/www.xn--les-pieds-ails-nkb.ch\/?page_id=281"},"modified":"2017-04-09T10:03:45","modified_gmt":"2017-04-09T10:03:45","slug":"situations-particulieres","status":"publish","type":"page","link":"https:\/\/www.les-pieds-ailes.ch\/index.php\/situations-particulieres\/","title":{"rendered":"Situations particuli\u00e8res"},"content":{"rendered":"<p>Avec\u00a0\u00ab\u00a0Les\u00a0pieds ail\u00e9s\u00a0\u00bb, je vous propose de prendre ensemble vos pieds en main, pour votre sant\u00e9, votre confort et votre bien-\u00eatre au quotidien\u00a0!<\/p>\n<p style=\"text-align: justify;\">Les soins que je vous propose s&rsquo;appliquent \u00e0 de nombreuses situations particuli\u00e8res, par exemple :<\/p>\n<ul>\n<li style=\"text-align: justify;\">avant une hospitalisation (pour b\u00e9n\u00e9ficier d&rsquo;une hygi\u00e8ne irr\u00e9prochable) et apr\u00e8s (en cas d&rsquo;incapacit\u00e9 temporaire)<\/li>\n<li style=\"text-align: justify;\">r\u00e9duction de la mobilit\u00e9<\/li>\n<li style=\"text-align: justify;\">exc\u00e8s de callosit\u00e9s<\/li>\n<li style=\"text-align: justify;\">grossesse<\/li>\n<\/ul>\n","protected":false},"excerpt":{"rendered":"<p>Avec\u00a0\u00ab\u00a0Les\u00a0pieds ail\u00e9s\u00a0\u00bb, je vous propose de prendre ensemble vos pieds en main, pour votre sant\u00e9, votre confort et votre bien-\u00eatre au quotidien\u00a0! Les soins que je vous propose s&rsquo;appliquent \u00e0 de nombreuses situations particuli\u00e8res, par exemple : avant une hospitalisation (pour b\u00e9n\u00e9ficier d&rsquo;une hygi\u00e8ne irr\u00e9prochable) et apr\u00e8s (en cas d&rsquo;incapacit\u00e9 temporaire) r\u00e9duction de la mobilit\u00e9 [&hellip;]<\/p>\n","protected":false},"author":2,"featured_media":0,"parent":0,"menu_order":6,"comment_status":"closed","ping_status":"closed","template":"","meta":{"footnotes":""},"class_list":["post-281","page","type-page","status-publish","czr-hentry"],"aioseo_notices":[],"_links":{"self":[{"href":"https:\/\/www.les-pieds-ailes.ch\/index.php\/wp-json\/wp\/v2\/pages\/281"}],"collection":[{"href":"https:\/\/www.les-pieds-ailes.ch\/index.php\/wp-json\/wp\/v2\/pages"}],"about":[{"href":"https:\/\/www.les-pieds-ailes.ch\/index.php\/wp-json\/wp\/v2\/types\/page"}],"author":[{"embeddable":true,"href":"https:\/\/www.les-pieds-ailes.ch\/index.php\/wp-json\/wp\/v2\/users\/2"}],"replies":[{"embeddable":true,"href":"https:\/\/www.les-pieds-ailes.ch\/index.php\/wp-json\/wp\/v2\/comments?post=281"}],"version-history":[{"count":4,"href":"https:\/\/www.les-pieds-ailes.ch\/index.php\/wp-json\/wp\/v2\/pages\/281\/revisions"}],"predecessor-version":[{"id":349,"href":"https:\/\/www.les-pieds-ailes.ch\/index.php\/wp-json\/wp\/v2\/pages\/281\/revisions\/349"}],"wp:attachment":[{"href":"https:\/\/www.les-pieds-ailes.ch\/index.php\/wp-json\/wp\/v2\/media?parent=281"}],"curies":[{"name":"wp","href":"https:\/\/api.w.org\/{rel}","templated":true}]}}