{"id":267,"date":"2016-10-05T16:25:04","date_gmt":"2016-10-05T16:25:04","guid":{"rendered":"http:\/\/www.xn--les-pieds-ails-nkb.ch\/?page_id=267"},"modified":"2023-11-26T20:41:25","modified_gmt":"2023-11-26T20:41:25","slug":"grossesse-et-soins-de-pieds","status":"publish","type":"page","link":"https:\/\/www.les-pieds-ailes.ch\/index.php\/situations-particulieres\/grossesse-et-soins-de-pieds\/","title":{"rendered":"Grossesse et soins de pieds"},"content":{"rendered":"<p><img loading=\"lazy\" decoding=\"async\" class=\"alignright wp-image-278 size-medium\" src=\"https:\/\/www.les-pieds-ailes.ch\/wp\/wp-content\/uploads\/2016\/10\/38665047_blog-300x229.jpg\" alt=\"38665047_blog\" width=\"300\" height=\"229\" srcset=\"https:\/\/www.les-pieds-ailes.ch\/wp\/wp-content\/uploads\/2016\/10\/38665047_blog-300x229.jpg 300w, https:\/\/www.les-pieds-ailes.ch\/wp\/wp-content\/uploads\/2016\/10\/38665047_blog.jpg 450w\" sizes=\"(max-width: 300px) 100vw, 300px\" \/>Une jolie surprise bien au chaud et s&rsquo;occuper de vos pieds devient compliqu\u00e9 ?<\/p>\n<p>Vous n&rsquo;arrivez plus \u00e0 vous baisser pour couper vos ongles, les maintenir propres et soign\u00e9s ?<\/p>\n<p>Vos pieds sont fatigu\u00e9s et vos jambes sont lourdes ?<\/p>\n<p>Faites une pause m\u00e9rit\u00e9e chez \u00ab\u00a0Les Pieds ail\u00e9s\u00a0\u00bb et\u00a0laissez-moi\u00a0prendre soin de vous pendant toute la dur\u00e9e de votre grossesse, avant votre accouchement et m\u00eame apr\u00e8s si vous le d\u00e9sirez, en vous proposant des soins adapt\u00e9s et individualis\u00e9s pour r\u00e9pondre \u00e0 vos besoins :<\/p>\n<ul>\n<li><a href=\"https:\/\/www.les-pieds-ailes.ch\/index.php\/soins\/soins-et-beaute-des-pieds\/\"><b>Bain de pieds et massage bien-\u00eatre<\/b><\/a> des pieds et des jambes pour les soulager de la fatigue amplifi\u00e9e par le poids de votre corps<\/li>\n<li><a href=\"https:\/\/www.les-pieds-ailes.ch\/index.php\/soins\/calluspeeling\/\"><b>Elimination des callosit\u00e9s<\/b><\/a> disgracieuses qui s&rsquo;accumulent au niveau de la vo\u00fbte plantaire pour all\u00e9ger votre marche et la rendre plus confortable, voir Soin des Callosit\u00e9s<\/li>\n<\/ul>\n<p>NB : La pose de vernis \u00e0 ongles n&rsquo;est pas recommand\u00e9e en cette p\u00e9riode<\/p>\n","protected":false},"excerpt":{"rendered":"<p>Une jolie surprise bien au chaud et s&rsquo;occuper de vos pieds devient compliqu\u00e9 ? Vous n&rsquo;arrivez plus \u00e0 vous baisser pour couper vos ongles, les maintenir propres et soign\u00e9s ? Vos pieds sont fatigu\u00e9s et vos jambes sont lourdes ? Faites une pause m\u00e9rit\u00e9e chez \u00ab\u00a0Les Pieds ail\u00e9s\u00a0\u00bb et\u00a0laissez-moi\u00a0prendre soin de vous pendant toute la [&hellip;]<\/p>\n","protected":false},"author":2,"featured_media":0,"parent":281,"menu_order":0,"comment_status":"closed","ping_status":"closed","template":"","meta":{"footnotes":""},"class_list":["post-267","page","type-page","status-publish","czr-hentry"],"aioseo_notices":[],"_links":{"self":[{"href":"https:\/\/www.les-pieds-ailes.ch\/index.php\/wp-json\/wp\/v2\/pages\/267"}],"collection":[{"href":"https:\/\/www.les-pieds-ailes.ch\/index.php\/wp-json\/wp\/v2\/pages"}],"about":[{"href":"https:\/\/www.les-pieds-ailes.ch\/index.php\/wp-json\/wp\/v2\/types\/page"}],"author":[{"embeddable":true,"href":"https:\/\/www.les-pieds-ailes.ch\/index.php\/wp-json\/wp\/v2\/users\/2"}],"replies":[{"embeddable":true,"href":"https:\/\/www.les-pieds-ailes.ch\/index.php\/wp-json\/wp\/v2\/comments?post=267"}],"version-history":[{"count":16,"href":"https:\/\/www.les-pieds-ailes.ch\/index.php\/wp-json\/wp\/v2\/pages\/267\/revisions"}],"predecessor-version":[{"id":590,"href":"https:\/\/www.les-pieds-ailes.ch\/index.php\/wp-json\/wp\/v2\/pages\/267\/revisions\/590"}],"up":[{"embeddable":true,"href":"https:\/\/www.les-pieds-ailes.ch\/index.php\/wp-json\/wp\/v2\/pages\/281"}],"wp:attachment":[{"href":"https:\/\/www.les-pieds-ailes.ch\/index.php\/wp-json\/wp\/v2\/media?parent=267"}],"curies":[{"name":"wp","href":"https:\/\/api.w.org\/{rel}","templated":true}]}}